{"id":14,"date":"2025-07-17T12:56:14","date_gmt":"2025-07-17T10:56:14","guid":{"rendered":"https:\/\/puntiseguit.framegirona2.dev\/?page_id=14"},"modified":"2026-04-30T13:42:10","modified_gmt":"2026-04-30T11:42:10","slug":"avis-legal","status":"publish","type":"page","link":"https:\/\/elpavolador.com\/es\/avis-legal\/","title":{"rendered":"Av\u00eds legal"},"content":{"rendered":"<div data-elementor-type=\"wp-page\" data-elementor-id=\"14\" class=\"elementor elementor-14\" data-elementor-post-type=\"page\">\n\t\t\t\t<div class=\"elementor-element elementor-element-ecb954b e-con-full e-flex e-con e-parent\" data-id=\"ecb954b\" data-element_type=\"container\" data-e-type=\"container\" data-settings=\"{&quot;background_background&quot;:&quot;classic&quot;}\">\n\t\t\t\t<\/div>\n\t\t<div class=\"elementor-element elementor-element-59e69b2 e-flex e-con-boxed e-con e-parent\" data-id=\"59e69b2\" data-element_type=\"container\" data-e-type=\"container\" data-settings=\"{&quot;animation_mobile&quot;:&quot;none&quot;}\">\n\t\t\t\t\t<div class=\"e-con-inner\">\n\t\t<div class=\"elementor-element elementor-element-1196e21 e-con-full e-flex e-con e-child\" data-id=\"1196e21\" data-element_type=\"container\" data-e-type=\"container\">\n\t\t\t\t<div class=\"elementor-element elementor-element-15b45a2 elementor-widget__width-initial elementor-invisible elementor-widget elementor-widget-heading\" data-id=\"15b45a2\" data-element_type=\"widget\" data-e-type=\"widget\" data-settings=\"{&quot;_animation&quot;:&quot;fadeInUp&quot;,&quot;_animation_mobile&quot;:&quot;fadeInUp&quot;}\" data-widget_type=\"heading.default\">\n\t\t\t\t\t<h1 class=\"elementor-heading-title elementor-size-default\">Av\u00eds legal<\/h1>\t\t\t\t<\/div>\n\t\t<div class=\"elementor-element elementor-element-a96f436 e-con-full e-flex e-con e-child\" data-id=\"a96f436\" data-element_type=\"container\" data-e-type=\"container\">\n\t\t\t\t<div class=\"elementor-element elementor-element-fbdc493 elementor-widget__width-initial animated-slow elementor-invisible elementor-widget elementor-widget-text-editor\" data-id=\"fbdc493\" data-element_type=\"widget\" data-e-type=\"widget\" data-settings=\"{&quot;_animation&quot;:&quot;fadeIn&quot;,&quot;_animation_mobile&quot;:&quot;fadeIn&quot;}\" data-widget_type=\"text-editor.default\">\n\t\t\t\t\t\t\t\t\t<p data-start=\"107\" data-end=\"324\"><span style=\"text-decoration: underline;\"><strong data-start=\"107\" data-end=\"134\">0. OBJECTE I ACCEPTACI\u00d3<br \/><\/strong><\/span>El present av\u00eds legal regula l\u2019\u00fas del lloc web <a class=\"decorated-link\" href=\"https:\/\/elpavolador.com\/es\/\" target=\"_new\" rel=\"noopener\" data-start=\"184\" data-end=\"203\">www.elpavolador.com<\/a>\u00a0(en endavant, EL LLOC WEB), del qual \u00e9s titular GRUP FEDERACI\u00d3 RASSEORT, SL (en endavant, EL PROPIETARI DEL LLOC WEB).<\/p><p data-start=\"326\" data-end=\"580\">La navegaci\u00f3 pel lloc web del PROPIETARI DEL LLOC WEB atorga a l\u2019usuari la condici\u00f3 d\u2019usuari del mateix i implica l\u2019acceptaci\u00f3 plena i sense reserves de totes i cadascuna de les disposicions incloses en aquest Av\u00eds Legal, que poden patir modificacions.<\/p><p data-start=\"582\" data-end=\"915\">L\u2019usuari es compromet a fer un \u00fas correcte del lloc web d\u2019acord amb les lleis, la bona fe, l\u2019ordre p\u00fablic, els usos del tr\u00e0fic i el present Av\u00eds Legal. L\u2019usuari respondr\u00e0 davant EL PROPIETARI DEL LLOC WEB o davant de tercers de qualsevol dany o perjudici que pugui causar-se com a conseq\u00fc\u00e8ncia del incompliment d\u2019aquesta obligaci\u00f3.<\/p><p data-start=\"922\" data-end=\"1121\"><strong data-start=\"922\" data-end=\"958\"><span style=\"text-decoration: underline;\">1. IDENTIFICACI\u00d3 I COMUNICACIONS<\/span><br \/><\/strong>EL PROPIETARI DEL LLOC WEB, en compliment de la Llei 34\/2002, de 11 de juliol, de serveis de la societat de la informaci\u00f3 i de comer\u00e7 electr\u00f2nic, informa que:<\/p><p data-start=\"1123\" data-end=\"1283\">La seva denominaci\u00f3 social \u00e9s: GRUP FEDERACI\u00d3 RASSEORT, SL<br data-start=\"1181\" data-end=\"1184\" \/>El seu NIF \u00e9s: B17712225<br data-start=\"1208\" data-end=\"1211\" \/>El seu domicili social est\u00e0 a: C. NOU S\/N \u2013 17484 VILATENIM \u2013 (GIRONA)<\/p><p data-start=\"1285\" data-end=\"1405\">Per a comunicar-se amb nosaltres, posem a la seva disposici\u00f3 diferents mitjans de contacte que detallem a continuaci\u00f3:<\/p><p data-start=\"1407\" data-end=\"1462\">Tel.: 0034 972 50 98 04<br data-start=\"1430\" data-end=\"1433\" \/>Email:\u00a0<a class=\"decorated-link cursor-pointer\" rel=\"noopener\" data-start=\"1440\" data-end=\"1460\">info@elpavolador.com<\/a><\/p><p data-start=\"1464\" data-end=\"1686\">Totes les notificacions i comunicacions entre els usuaris i EL PROPIETARI DEL LLOC WEB es consideraran v\u00e0lides, a tots els efectes, quan es realitzin per correu postal o qualsevol altre mitj\u00e0 dels detallats anteriorment.<\/p><p data-start=\"1693\" data-end=\"1958\"><span style=\"text-decoration: underline;\"><strong data-start=\"1693\" data-end=\"1732\">2. CONDICIONS D\u2019ACC\u00c9S I UTILITZACI\u00d3<\/strong><\/span><br data-start=\"1732\" data-end=\"1735\" \/>El lloc web i els seus serveis s\u00f3n d\u2019acc\u00e9s lliure i gratu\u00eft. No obstant aix\u00f2, EL PROPIETARI DEL LLOC WEB condiciona l\u2019\u00fas d\u2019alguns dels serveis oferits al seu lloc web a la pr\u00e8via complimentaci\u00f3 del formulari corresponent.<\/p><p data-start=\"1960\" data-end=\"2154\">L\u2019usuari garanteix l\u2019autenticitat i actualitat de totes aquelles dades que comuniqui al PROPIETARI DEL LLOC WEB i ser\u00e0 l\u2019\u00fanic responsable de les manifestacions falses o inexactes que realitzi.<\/p><p data-start=\"2156\" data-end=\"3799\">L\u2019usuari es compromet expressament a fer un \u00fas adequat dels continguts i serveis del PROPIETARI DEL LLOC WEB i a no utilitzar-los per, entre altres:<br data-start=\"2304\" data-end=\"2307\" \/>a) Difondre continguts delictius, violents, pornogr\u00e0fics, racistes, xen\u00f2fobs, ofensius, d\u2019apologia del terrorisme o, en general, contraris a la llei o a l\u2019ordre p\u00fablic.<br data-start=\"2475\" data-end=\"2478\" \/>b) Introduir a la xarxa virus inform\u00e0tics o realitzar accions susceptibles d\u2019alterar, espatllar, interrompre o generar errors o danys en documents electr\u00f2nics, dades o sistemes f\u00edsics i l\u00f2gics del PROPIETARI DEL LLOC WEB o de terceres persones, aix\u00ed com obstaculitzar l\u2019acc\u00e9s d\u2019altres usuaris al lloc web i als seus serveis mitjan\u00e7ant el consum massiu de recursos inform\u00e0tics a trav\u00e9s dels quals EL PROPIETARI DEL LLOC WEB presta els seus serveis.<br data-start=\"2925\" data-end=\"2928\" \/>c) Intentar accedir als comptes de correu electr\u00f2nic d\u2019altres usuaris o a \u00e0rees restringides dels sistemes inform\u00e0tics del PROPIETARI DEL LLOC WEB o de tercers i, si s\u2019escau, extreure\u2019n informaci\u00f3.<br data-start=\"3125\" data-end=\"3128\" \/>d) Vulnerar els drets de propietat intel\u00b7lectual o industrial, aix\u00ed com violar la confidencialitat de la informaci\u00f3 del PROPIETARI DEL LLOC WEB o de tercers.<br data-start=\"3285\" data-end=\"3288\" \/>e) Suplantar la identitat d\u2019un altre usuari, d\u2019administracions p\u00fabliques o d\u2019un tercer.<br data-start=\"3375\" data-end=\"3378\" \/>f) Reproduir, copiar, distribuir, posar a disposici\u00f3 o comunicar p\u00fablicament de qualsevol altra manera, transformar o modificar els continguts, tret que es compti amb l\u2019autoritzaci\u00f3 del titular dels drets corresponents o que estigui legalment perm\u00e8s.<br data-start=\"3628\" data-end=\"3631\" \/>g) Recollir dades amb finalitat publicit\u00e0ria i enviar publicitat de qualsevol tipus o comunicacions amb finalitats comercials sense pr\u00e8via sol\u00b7licitud o consentiment.<\/p><p data-start=\"3801\" data-end=\"4143\">Tots els continguts del lloc web, com textos, fotografies, gr\u00e0fics, imatges, icones, tecnologia, programari, aix\u00ed com el seu disseny gr\u00e0fic i codis font, constitueixen una obra propietat del PROPIETARI DEL LLOC WEB, sense que es cedeixi a l\u2019usuari cap dret d\u2019explotaci\u00f3 m\u00e9s enll\u00e0 del estrictament necessari per a l\u2019\u00fas correcte del lloc web.<\/p><p data-start=\"4145\" data-end=\"4457\">En definitiva, els usuaris que accedeixin a aquest lloc web poden visualitzar els continguts i fer, si escau, c\u00f2pies privades autoritzades, sempre que els elements reprodu\u00efts no siguin cedits posteriorment a tercers, ni instal\u00b7lats en servidors connectats a xarxes, ni siguin objecte de cap tipus d\u2019explotaci\u00f3.<\/p><p data-start=\"4459\" data-end=\"4713\">Aix\u00ed mateix, totes les marques, noms comercials o signes distintius de qualsevol tipus que apareixen al lloc web s\u00f3n propietat del PROPIETARI DEL LLOC WEB, sense que es pugui entendre que l\u2019\u00fas o acc\u00e9s al mateix atorga a l\u2019usuari cap dret sobre aquests.<\/p><p data-start=\"4715\" data-end=\"4908\">La distribuci\u00f3, modificaci\u00f3, cessi\u00f3 o comunicaci\u00f3 p\u00fablica dels continguts i qualsevol altre acte que no hagi estat expressament autoritzat pel titular dels drets d\u2019explotaci\u00f3 queda prohibida.<\/p><p data-start=\"4910\" data-end=\"5507\">L\u2019establiment d\u2019un hiperenlla\u00e7 no implica en cap cas l\u2019exist\u00e8ncia de relacions entre EL PROPIETARI DEL LLOC WEB i el propietari del lloc web en qu\u00e8 s\u2019estableixi, ni l\u2019acceptaci\u00f3 i aprovaci\u00f3 per part del PROPIETARI DEL LLOC WEB dels seus continguts o serveis. Les persones que desitgin establir un hiperenlla\u00e7 hauran de sol\u00b7licitar autoritzaci\u00f3 per escrit al PROPIETARI DEL LLOC WEB. En tot cas, l\u2019hiperenlla\u00e7 nom\u00e9s permetr\u00e0 l\u2019acc\u00e9s a la p\u00e0gina inicial del nostre lloc web i s\u2019haur\u00e0 d\u2019abstenir de fer declaracions falses, inexactes o il\u00b7l\u00edcites, contr\u00e0ries a les bones costums i a l\u2019ordre p\u00fablic.<\/p><p data-start=\"5509\" data-end=\"5712\">EL PROPIETARI DEL LLOC WEB no es responsabilitza de l\u2019\u00fas que cada usuari faci del material posat a disposici\u00f3 en aquest lloc web ni de les accions que es duguin a terme sobre la base d\u2019aquest material.<\/p><p data-start=\"5719\" data-end=\"6044\"><span style=\"text-decoration: underline;\"><strong data-start=\"5719\" data-end=\"5765\">3. EXCLUSI\u00d3 DE GARANTIES I RESPONSABILITAT<\/strong><\/span><br data-start=\"5765\" data-end=\"5768\" \/>El contingut del present lloc web \u00e9s de car\u00e0cter general i t\u00e9 una finalitat merament informativa, sense garantir plenament l\u2019acc\u00e9s a tots els continguts, ni la seva exhaustivitat, correcci\u00f3, vig\u00e8ncia o actualitat, ni la seva idone\u00eftat o utilitat per a un objectiu espec\u00edfic.<\/p><p data-start=\"6046\" data-end=\"7182\">EL PROPIETARI DEL LLOC WEB exclou, en la mesura permesa per l\u2019ordenament jur\u00eddic, qualsevol responsabilitat pels danys i perjudicis de tota mena derivats de:<br data-start=\"6203\" data-end=\"6206\" \/>a) La impossibilitat d\u2019acc\u00e9s al lloc web o la falta de veracitat, exactitud, exhaustivitat i\/o actualitat dels continguts, aix\u00ed com l\u2019exist\u00e8ncia de vicis o defectes de qualsevol tipus en els continguts transmesos, difosos, emmagatzemats o posats a disposici\u00f3 a trav\u00e9s del lloc web o dels serveis oferts.<br data-start=\"6509\" data-end=\"6512\" \/>b) La pres\u00e8ncia de virus o altres elements en els continguts que puguin produir alteracions en els sistemes inform\u00e0tics, documents electr\u00f2nics o dades dels usuaris.<br data-start=\"6676\" data-end=\"6679\" \/>c) L\u2019incompliment de les lleis, la bona fe, l\u2019ordre p\u00fablic, els usos del tr\u00e0fic i del present av\u00eds legal com a conseq\u00fc\u00e8ncia de l\u2019\u00fas incorrecte del lloc web. En particular, a tall d\u2019exemple, EL PROPIETARI DEL LLOC WEB no \u00e9s responsable de les actuacions de tercers que vulnerin drets de propietat intel\u00b7lectual i industrial, secrets empresarials, drets a l\u2019honor, a la intimitat personal i familiar i a la pr\u00f2pia imatge, aix\u00ed com la normativa en mat\u00e8ria de compet\u00e8ncia deslleial i publicitat il\u00b7l\u00edcita.<\/p><p data-start=\"7184\" data-end=\"7871\" data-is-last-node=\"\" data-is-only-node=\"\">Aix\u00ed mateix, EL PROPIETARI DEL LLOC WEB declina qualsevol responsabilitat respecte a la informaci\u00f3 que es trobi fora d\u2019aquest lloc web i que no sigui gestionada directament pel nostre webmaster. La funci\u00f3 dels enlla\u00e7os que apareixen en aquest lloc web \u00e9s exclusivament informar l\u2019usuari sobre l\u2019exist\u00e8ncia d\u2019altres fonts susceptibles d\u2019ampliar els continguts que ofereix aquest lloc web. EL PROPIETARI DEL LLOC WEB no garanteix ni es responsabilitza del funcionament o accessibilitat dels llocs enlla\u00e7ats, ni suggereix, convida o recomana la seva visita, per la qual cosa tampoc ser\u00e0 responsable del resultat obtingut. EL PROPIETARI DEL LLOC WEB no es responsabilitza de l\u2019establiment d\u2019enlla\u00e7os de tercers.\u00a0<\/p><p data-start=\"108\" data-end=\"1022\"><span style=\"text-decoration: underline;\"><strong data-start=\"108\" data-end=\"137\">4. POL\u00cdTICA DE PRIVACITAT<\/strong><\/span><br data-start=\"137\" data-end=\"140\" \/>Quan necessitem obtenir informaci\u00f3 per part seva, sempre li sol\u00b7licitarem que ens la proporcioni volunt\u00e0riament i de manera expressa.<br data-start=\"273\" data-end=\"276\" \/>Les dades recollides a trav\u00e9s dels formularis de recollida de dades del lloc web o d\u2019altres canals seran incorporades a un fitxer de dades de car\u00e0cter personal degudament inscrit en el Registre General de Protecci\u00f3 de Dades de l\u2019Ag\u00e8ncia Espanyola de Protecci\u00f3 de Dades, del qual \u00e9s responsable EL PROPIETARI DEL LLOC WEB. Aquesta entitat tractar\u00e0 les dades de manera confidencial i exclusivament amb la finalitat d\u2019oferir els serveis sol\u00b7licitats, amb totes les garanties legals i de seguretat establertes per la Llei Org\u00e0nica 15\/1999, de 13 de desembre, de Protecci\u00f3 de Dades de Car\u00e0cter Personal, el Reial decret 1720\/2007, de 21 de desembre, i la Llei 34\/2002, de 11 de juliol, de Serveis de la Societat de la Informaci\u00f3 i Comer\u00e7 Electr\u00f2nic.<\/p><p data-start=\"1024\" data-end=\"1153\">EL PROPIETARI DEL LLOC WEB es compromet a no cedir, vendre ni compartir les dades amb tercers sense la seva aprovaci\u00f3 expressa.<\/p><p data-start=\"1155\" data-end=\"1443\">Aix\u00ed mateix, GRUP FEDERACI\u00d3 RASSEORT, SL cancel\u00b7lar\u00e0 o rectificar\u00e0 les dades quan resultin inexactes, incompletes o hagin deixat de ser necess\u00e0ries o pertinents per a la seva finalitat, d\u2019acord amb la Llei Org\u00e0nica 15\/1999, de 13 de desembre, de Protecci\u00f3 de Dades de Car\u00e0cter Personal.<\/p><p data-start=\"1445\" data-end=\"1761\">L\u2019usuari podr\u00e0 revocar el consentiment prestat i exercir els drets d\u2019acc\u00e9s, rectificaci\u00f3, cancel\u00b7laci\u00f3 i oposici\u00f3 dirigint-se al domicili social de GRUP FEDERACI\u00d3 RASSEORT, SL, situat a C. NOU S\/N \u2013 17484 VILATENIM \u2013 (GIRONA), identificant-se degudament i indicant de manera visible el dret concret que s\u2019exerceix.<\/p><p data-start=\"1763\" data-end=\"2105\">EL PROPIETARI DEL LLOC WEB adopta els nivells de seguretat corresponents requerits per la citada Llei Org\u00e0nica 15\/1999 i la normativa aplicable. No obstant aix\u00f2, no assumeix cap responsabilitat pels danys i perjudicis derivats d\u2019alteracions que tercers puguin causar en els sistemes inform\u00e0tics, documents electr\u00f2nics o fitxers de l\u2019usuari.<\/p><p data-start=\"2107\" data-end=\"2427\">EL PROPIETARI DEL LLOC WEB podr\u00e0 utilitzar cookies durant la prestaci\u00f3 de serveis del lloc web. Les cookies s\u00f3n fitxers f\u00edsics d\u2019informaci\u00f3 personal allotjats al terminal de l\u2019usuari. L\u2019usuari t\u00e9 la possibilitat de configurar el seu navegador de manera que s\u2019impedeixi la creaci\u00f3 d\u2019aquests fitxers o se\u2019n rebi un av\u00eds.<\/p><p data-start=\"2429\" data-end=\"2704\">Si opta per abandonar el nostre lloc web a trav\u00e9s d\u2019enlla\u00e7os a llocs web no pertanyents a la nostra entitat, EL PROPIETARI DEL LLOC WEB no es far\u00e0 responsable de les pol\u00edtiques de privacitat d\u2019aquests llocs web ni de les cookies que puguin emmagatzemar-se al seu ordinador.<\/p><p data-start=\"2706\" data-end=\"2830\">La nostra pol\u00edtica respecte al correu electr\u00f2nic se centra en enviar nom\u00e9s comunicacions que vost\u00e8 hagi sol\u00b7licitat rebre.<\/p><p data-start=\"2832\" data-end=\"3102\">Si prefereix no rebre aquests missatges, li oferirem la possibilitat d\u2019exercir el seu dret de cancel\u00b7laci\u00f3 i ren\u00fancia a la recepci\u00f3 dels missatges, d\u2019acord amb el t\u00edtol III, article 22, de la Llei 34\/2002 de Serveis de la Societat de la Informaci\u00f3 i Comer\u00e7 Electr\u00f2nic.<\/p><p data-start=\"3109\" data-end=\"3701\"><span style=\"text-decoration: underline;\"><strong data-start=\"3109\" data-end=\"3183\">5. PROCEDIMENT EN CAS DE REALITZACI\u00d3 D\u2019ACTIVITATS DE CAR\u00c0CTER IL\u00b7L\u00cdCIT<\/strong><\/span><br data-start=\"3183\" data-end=\"3186\" \/>En cas que qualsevol usuari o un tercer consideri que existeixen fets o circumst\u00e0ncies que revelin el car\u00e0cter il\u00b7l\u00edcit de la utilitzaci\u00f3 de qualsevol contingut i\/o de la realitzaci\u00f3 de qualsevol activitat a les p\u00e0gines web incloses o accessibles a trav\u00e9s del lloc web, haur\u00e0 d\u2019enviar una notificaci\u00f3 a EL PROPIETARI DEL LLOC WEB identificant-se degudament, especificant les presumptes infraccions i declarant expressament i sota la seva responsabilitat que la informaci\u00f3 proporcionada a la notificaci\u00f3 \u00e9s exacta.<\/p><p data-start=\"3703\" data-end=\"3898\">Per a qualsevol q\u00fcesti\u00f3 litigiosa relacionada amb el lloc web del PROPIETARI DEL LLOC WEB, ser\u00e0 d\u2019aplicaci\u00f3 la legislaci\u00f3 espanyola, sent competents els Jutjats i Tribunals de GIRONA (Espanya).<\/p><p data-start=\"3905\" data-end=\"4384\"><span style=\"text-decoration: underline;\"><strong data-start=\"3905\" data-end=\"3924\">6. PUBLICACIONS<\/strong><\/span><br data-start=\"3924\" data-end=\"3927\" \/>La informaci\u00f3 administrativa facilitada a trav\u00e9s del lloc web no substitueix la publicitat legal de les lleis, normatives, plans, disposicions generals i actes que hagin de ser publicats formalment en els diaris oficials de les administracions p\u00fabliques, els quals constitueixen l\u2019\u00fanic instrument que d\u00f3na fe de la seva autenticitat i contingut.<br data-start=\"4272\" data-end=\"4275\" \/>La informaci\u00f3 disponible en aquest lloc web s\u2019ha d\u2019entendre com una guia sense finalitat de validesa legal.<\/p>\t\t\t\t\t\t\t\t<\/div>\n\t\t\t\t<\/div>\n\t\t\t\t<\/div>\n\t\t\t\t\t<\/div>\n\t\t\t\t<\/div>\n\t\t\t\t<\/div>","protected":false},"excerpt":{"rendered":"<p>Av\u00eds legal 0. OBJECTE I ACCEPTACI\u00d3 El present av\u00eds legal regula l\u2019\u00fas del lloc web www.elpavolador.com\u00a0(en endavant, EL LLOC WEB), del qual \u00e9s titular GRUP FEDERACI\u00d3 RASSEORT, SL (en endavant, EL PROPIETARI DEL LLOC WEB). La navegaci\u00f3 pel lloc web del PROPIETARI DEL LLOC WEB atorga a l\u2019usuari la condici\u00f3 d\u2019usuari del mateix i implica [&hellip;]<\/p>\n","protected":false},"author":1,"featured_media":0,"parent":0,"menu_order":0,"comment_status":"closed","ping_status":"closed","template":"","meta":{"footnotes":""},"class_list":["post-14","page","type-page","status-publish","hentry"],"_links":{"self":[{"href":"https:\/\/elpavolador.com\/es\/wp-json\/wp\/v2\/pages\/14","targetHints":{"allow":["GET"]}}],"collection":[{"href":"https:\/\/elpavolador.com\/es\/wp-json\/wp\/v2\/pages"}],"about":[{"href":"https:\/\/elpavolador.com\/es\/wp-json\/wp\/v2\/types\/page"}],"author":[{"embeddable":true,"href":"https:\/\/elpavolador.com\/es\/wp-json\/wp\/v2\/users\/1"}],"replies":[{"embeddable":true,"href":"https:\/\/elpavolador.com\/es\/wp-json\/wp\/v2\/comments?post=14"}],"version-history":[{"count":12,"href":"https:\/\/elpavolador.com\/es\/wp-json\/wp\/v2\/pages\/14\/revisions"}],"predecessor-version":[{"id":754,"href":"https:\/\/elpavolador.com\/es\/wp-json\/wp\/v2\/pages\/14\/revisions\/754"}],"wp:attachment":[{"href":"https:\/\/elpavolador.com\/es\/wp-json\/wp\/v2\/media?parent=14"}],"curies":[{"name":"wp","href":"https:\/\/api.w.org\/{rel}","templated":true}]}}